{"id":16,"date":"2022-10-27T14:43:52","date_gmt":"2022-10-27T14:43:52","guid":{"rendered":"http:\/\/152.206.119.176\/bncuba.org\/?page_id=16"},"modified":"2024-04-17T14:03:57","modified_gmt":"2024-04-17T14:03:57","slug":"ini","status":"publish","type":"page","link":"https:\/\/bncuba.org\/","title":{"rendered":"Inicio"},"content":{"rendered":"\t\t<div data-elementor-type=\"wp-page\" data-elementor-id=\"16\" class=\"elementor elementor-16\">\n\t\t\t\t\t\t<section class=\"elementor-section elementor-top-section elementor-element elementor-element-5fa80c4 elementor-section-boxed elementor-section-height-default elementor-section-height-default\" data-id=\"5fa80c4\" data-element_type=\"section\" data-e-type=\"section\" data-settings=\"{&quot;background_background&quot;:&quot;slideshow&quot;,&quot;background_slideshow_gallery&quot;:[{&quot;id&quot;:154,&quot;url&quot;:&quot;http:\\\/\\\/bncuba.org\\\/wp-content\\\/uploads\\\/2022\\\/11\\\/sheeps-g3094713b7_1920.jpg&quot;},{&quot;id&quot;:151,&quot;url&quot;:&quot;http:\\\/\\\/bncuba.org\\\/wp-content\\\/uploads\\\/2022\\\/11\\\/animals-gaf68670dd_1920.jpg&quot;}],&quot;background_slideshow_slide_duration&quot;:10001,&quot;shape_divider_bottom&quot;:&quot;opacity-fan&quot;,&quot;background_slideshow_loop&quot;:&quot;yes&quot;,&quot;background_slideshow_slide_transition&quot;:&quot;fade&quot;,&quot;background_slideshow_transition_duration&quot;:500}\">\n\t\t\t\t\t\t\t<div class=\"elementor-background-overlay\"><\/div>\n\t\t\t\t\t\t<div class=\"elementor-shape elementor-shape-bottom\" aria-hidden=\"true\" data-negative=\"false\">\n\t\t\t<svg xmlns=\"http:\/\/www.w3.org\/2000\/svg\" viewBox=\"0 0 283.5 19.6\" preserveAspectRatio=\"none\">\n\t<path class=\"elementor-shape-fill\" style=\"opacity:0.33\" d=\"M0 0L0 18.8 141.8 4.1 283.5 18.8 283.5 0z\"\/>\n\t<path class=\"elementor-shape-fill\" style=\"opacity:0.33\" d=\"M0 0L0 12.6 141.8 4 283.5 12.6 283.5 0z\"\/>\n\t<path class=\"elementor-shape-fill\" style=\"opacity:0.33\" d=\"M0 0L0 6.4 141.8 4 283.5 6.4 283.5 0z\"\/>\n\t<path class=\"elementor-shape-fill\" d=\"M0 0L0 1.2 141.8 4 283.5 1.2 283.5 0z\"\/>\n<\/svg>\t\t<\/div>\n\t\t\t\t\t<div class=\"elementor-container elementor-column-gap-default\">\n\t\t\t\t\t<div class=\"elementor-column elementor-col-100 elementor-top-column elementor-element elementor-element-4df80a5\" data-id=\"4df80a5\" data-element_type=\"column\" data-e-type=\"column\">\n\t\t\t<div class=\"elementor-widget-wrap elementor-element-populated\">\n\t\t\t\t\t\t<div class=\"elementor-element elementor-element-cdc0a8e elementor-widget elementor-widget-heading\" data-id=\"cdc0a8e\" data-element_type=\"widget\" data-e-type=\"widget\" data-widget_type=\"heading.default\">\n\t\t\t\t<div class=\"elementor-widget-container\">\n\t\t\t\t\t<h2 class=\"elementor-heading-title elementor-size-xxl\">Iglesia Pentecostal Buenas Nuevas Cuba<\/h2>\t\t\t\t<\/div>\n\t\t\t\t<\/div>\n\t\t\t\t\t<\/div>\n\t\t<\/div>\n\t\t\t\t\t<\/div>\n\t\t<\/section>\n\t\t\t\t<section class=\"elementor-section elementor-top-section elementor-element elementor-element-1c85736 elementor-section-boxed elementor-section-height-default elementor-section-height-default\" data-id=\"1c85736\" data-element_type=\"section\" data-e-type=\"section\">\n\t\t\t\t\t\t<div class=\"elementor-container elementor-column-gap-default\">\n\t\t\t\t\t<div class=\"elementor-column elementor-col-100 elementor-top-column elementor-element elementor-element-63a8580\" data-id=\"63a8580\" data-element_type=\"column\" data-e-type=\"column\">\n\t\t\t<div class=\"elementor-widget-wrap elementor-element-populated\">\n\t\t\t\t\t\t<div class=\"elementor-element elementor-element-a2419ec elementor-widget elementor-widget-event-listing\" data-id=\"a2419ec\" data-element_type=\"widget\" data-e-type=\"widget\" data-widget_type=\"event-listing.default\">\n\t\t\t\t<div class=\"elementor-widget-container\">\n\t\t\t\t\t<div class=\"event_listings\" data-location=\"\" data-keywords=\"\" data-show_filters=\"false\" data-show_pagination=\"true\" data-per_page=\"6\" data-orderby=\"event_start_date\" data-order=\"DESC\" data-datetimes=\"\" data-categories=\"\" data-event_types=\"\" data-ticket_prices=\"\" data-event_online=\"\" data-featured=\"false\" data-cancelled=\"false\" ><div class=\"wpem-main wpem-event-listings-header\">\r\n    <div class=\"wpem-row\">\r\n        <div class=\"wpem-col wpem-col-12 wpem-col-sm-6 wpem-col-md-6 wpem-col-lg-8\">\r\n            <div class=\"wpem-event-listing-header-title\">\r\n                                    <h2 class=\"wpem-heading-text\">Events<\/h2>\r\n                            <\/div>\r\n        <\/div>\r\n        <div class=\"wpem-col wpem-col-12 wpem-col-sm-6 wpem-col-md-6 wpem-col-lg-4\">\r\n            <div class=\"wpem-event-layout-action-wrapper\">\r\n                <div class=\"wpem-event-layout-action\">\r\n                                                                    <div class=\"wpem-event-layout-icon wpem-event-box-layout\" title=\"Events Box View\" id=\"wpem-event-box-layout\"><i class=\"wpem-icon-stop2\"><\/i><\/div>\r\n                        <div class=\"wpem-event-layout-icon wpem-event-list-layout wpem-active-layout\" title=\"Events List View\" id=\"wpem-event-list-layout\"><i class=\"wpem-icon-menu\"><\/i><\/div>\r\n                                                            <\/div>\r\n            <\/div>\r\n        <\/div>\r\n    <\/div>\r\n<\/div>\r\n\r\n<!-- Event listing view -->\r\n<div class=\"event_listings_main\">\r\n    <div id=\"event-listing-view\" class=\"wpem-main wpem-event-listings event_listings wpem-event-listing-list-view\" data-id=\"all\"><div class=\"wpem-event-box-col wpem-col wpem-col-12 wpem-col-md-6 wpem-col-lg-4\">\n    <!----- wpem-col-lg-4 value can be change by admin settings ------->\n    <div class=\"wpem-event-layout-wrapper\">\n        <div class=\"event_listing post-754 type-event_listing status-expired has-post-thumbnail hentry\">\n            <a href=\"https:\/\/bncuba.org\/index.php\/event\/convencion-nacional-de-damas-2\/\" class=\"wpem-event-action-url event-style-color \">\n                <div class=\"wpem-event-banner\">\n                    <div class=\"wpem-event-banner-img\" style=\"background-image: url(https:\/\/bncuba.org\/wp-content\/uploads\/2025\/10\/7.png)\">\n                        <!-- Hide in list View \/\/ Show in Box View -->\n                                                <div class=\"wpem-event-date\">\n                            <div class=\"wpem-event-date-type\">\n                                                                    <div class=\"wpem-from-date\">\n                                        <div class=\"wpem-date\">07<\/div>\n                                        <div class=\"wpem-month\">Oct<\/div>\n                                    <\/div>\n                                                            <\/div>\n                        <\/div>\n                        <!-- Hide in list View \/\/ Show in Box View -->\n                    <\/div>\n                <\/div>\n\n                <div class=\"wpem-event-infomation\">\n                    <div class=\"wpem-event-date\">\n                        <div class=\"wpem-event-date-type\">\n                                                            <div class=\"wpem-from-date\">\n                                    <div class=\"wpem-date\">07<\/div>\n                                    <div class=\"wpem-month\">Oct<\/div>\n                                <\/div>\n                                                            <div class=\"wpem-to-date\">\n                                    <div class=\"wpem-date-separator\">-<\/div>\n                                    <div class=\"wpem-date\">12<\/div>\n                                    <div class=\"wpem-month\">Oct<\/div>\n                                <\/div>\n                                                    <\/div>\n                    <\/div>\n\n                    <div class=\"wpem-event-details\">\n                                                <div class=\"wpem-event-title\">\n                            <h3 class=\"wpem-heading-text\">Convenci\u00f3n Nacional de Damas<\/h3>\n                        <\/div>\n\n                        <div class=\"wpem-event-date-time\">\n                            <span class=\"wpem-event-date-time-text\">\n                                07-10-2025                                 - 12-10-2025                            <\/span>\n                        <\/div>\n                        <div class=\"wpem-event-location\">\n                            <span class=\"wpem-event-location-text\">\n                                -                            <\/span>\n                        <\/div>\n                        \n                        <!-- Show in list View \/\/ Hide in Box View -->\n                                                <!-- Show in list View \/\/ Hide in Box View -->\n                                            <\/div>\n                <\/div>\n            <\/a>\n        <\/div>\n    <\/div>\n<\/div><div class=\"wpem-event-box-col wpem-col wpem-col-12 wpem-col-md-6 wpem-col-lg-4\">\n    <!----- wpem-col-lg-4 value can be change by admin settings ------->\n    <div class=\"wpem-event-layout-wrapper\">\n        <div class=\"event_listing event-type-eventos-anteriores post-728 type-event_listing status-publish has-post-thumbnail hentry event_listing_category-noticias event_listing_type-ev_anteriores\">\n            <a href=\"https:\/\/bncuba.org\/index.php\/event\/campamento-de-ninos-canaan-2024-escogidos\/\" class=\"wpem-event-action-url event-style-color ev_anteriores\">\n                <div class=\"wpem-event-banner\">\n                    <div class=\"wpem-event-banner-img\" style=\"background-image: url(https:\/\/bncuba.org\/wp-content\/uploads\/2024\/07\/IMG-20240706-WA0060.jpg)\">\n                        <!-- Hide in list View \/\/ Show in Box View -->\n                                                <div class=\"wpem-event-date\">\n                            <div class=\"wpem-event-date-type\">\n                                                                    <div class=\"wpem-from-date\">\n                                        <div class=\"wpem-date\">04<\/div>\n                                        <div class=\"wpem-month\">Jul<\/div>\n                                    <\/div>\n                                                            <\/div>\n                        <\/div>\n                        <!-- Hide in list View \/\/ Show in Box View -->\n                    <\/div>\n                <\/div>\n\n                <div class=\"wpem-event-infomation\">\n                    <div class=\"wpem-event-date\">\n                        <div class=\"wpem-event-date-type\">\n                                                            <div class=\"wpem-from-date\">\n                                    <div class=\"wpem-date\">04<\/div>\n                                    <div class=\"wpem-month\">Jul<\/div>\n                                <\/div>\n                                                            <div class=\"wpem-to-date\">\n                                    <div class=\"wpem-date-separator\">-<\/div>\n                                    <div class=\"wpem-date\">06<\/div>\n                                    <div class=\"wpem-month\">Jul<\/div>\n                                <\/div>\n                                                    <\/div>\n                    <\/div>\n\n                    <div class=\"wpem-event-details\">\n                                                <div class=\"wpem-event-title\">\n                            <h3 class=\"wpem-heading-text\">Campamento de ni\u00f1os Cana\u00e1n 2024 &#8211; \u00abEscogidos\u00bb<\/h3>\n                        <\/div>\n\n                        <div class=\"wpem-event-date-time\">\n                            <span class=\"wpem-event-date-time-text\">\n                                04-07-2024                                 - 06-07-2024                            <\/span>\n                        <\/div>\n                        <div class=\"wpem-event-location\">\n                            <span class=\"wpem-event-location-text\">\n                                Cana\u00e1n                            <\/span>\n                        <\/div>\n                                                    <div class=\"wpem-event-type\"><a href=\"https:\/\/bncuba.org\/index.php\/event_listing_type\/ev_anteriores\/\"><span class=\"wpem-event-type-text event-type ev_anteriores \">Eventos Anteriores<\/span><\/a><\/div>\n                        \n                        <!-- Show in list View \/\/ Hide in Box View -->\n                                                <!-- Show in list View \/\/ Hide in Box View -->\n                                            <\/div>\n                <\/div>\n            <\/a>\n        <\/div>\n    <\/div>\n<\/div><div class=\"wpem-event-box-col wpem-col wpem-col-12 wpem-col-md-6 wpem-col-lg-4\">\n    <!----- wpem-col-lg-4 value can be change by admin settings ------->\n    <div class=\"wpem-event-layout-wrapper\">\n        <div class=\"event_listing post-724 type-event_listing status-publish has-post-thumbnail hentry\">\n            <a href=\"https:\/\/bncuba.org\/index.php\/event\/enfocados-en-el-llamado-convencion-de-pastores-2024\/\" class=\"wpem-event-action-url event-style-color \">\n                <div class=\"wpem-event-banner\">\n                    <div class=\"wpem-event-banner-img\" style=\"background-image: url(https:\/\/bncuba.org\/wp-content\/uploads\/2024\/05\/IMG-20240530-WA0009.jpg)\">\n                        <!-- Hide in list View \/\/ Show in Box View -->\n                                                <div class=\"wpem-event-date\">\n                            <div class=\"wpem-event-date-type\">\n                                                                    <div class=\"wpem-from-date\">\n                                        <div class=\"wpem-date\">28<\/div>\n                                        <div class=\"wpem-month\">mayo<\/div>\n                                    <\/div>\n                                                            <\/div>\n                        <\/div>\n                        <!-- Hide in list View \/\/ Show in Box View -->\n                    <\/div>\n                <\/div>\n\n                <div class=\"wpem-event-infomation\">\n                    <div class=\"wpem-event-date\">\n                        <div class=\"wpem-event-date-type\">\n                                                            <div class=\"wpem-from-date\">\n                                    <div class=\"wpem-date\">28<\/div>\n                                    <div class=\"wpem-month\">mayo<\/div>\n                                <\/div>\n                                                            <div class=\"wpem-to-date\">\n                                    <div class=\"wpem-date-separator\">-<\/div>\n                                    <div class=\"wpem-date\">30<\/div>\n                                    <div class=\"wpem-month\">mayo<\/div>\n                                <\/div>\n                                                    <\/div>\n                    <\/div>\n\n                    <div class=\"wpem-event-details\">\n                                                <div class=\"wpem-event-title\">\n                            <h3 class=\"wpem-heading-text\">Enfocados en el llamado &#8211; Convenci\u00f3n de pastores 2024<\/h3>\n                        <\/div>\n\n                        <div class=\"wpem-event-date-time\">\n                            <span class=\"wpem-event-date-time-text\">\n                                28-05-2024                                 - 30-05-2024                            <\/span>\n                        <\/div>\n                        <div class=\"wpem-event-location\">\n                            <span class=\"wpem-event-location-text\">\n                                Camajuan\u00ed                            <\/span>\n                        <\/div>\n                        \n                        <!-- Show in list View \/\/ Hide in Box View -->\n                                                <!-- Show in list View \/\/ Hide in Box View -->\n                                            <\/div>\n                <\/div>\n            <\/a>\n        <\/div>\n    <\/div>\n<\/div><div class=\"wpem-event-box-col wpem-col wpem-col-12 wpem-col-md-6 wpem-col-lg-4\">\n    <!----- wpem-col-lg-4 value can be change by admin settings ------->\n    <div class=\"wpem-event-layout-wrapper\">\n        <div class=\"event_listing post-669 type-event_listing status-publish has-post-thumbnail hentry\">\n            <a href=\"https:\/\/bncuba.org\/index.php\/event\/convencion-nacional-de-damas-centro-2024\/\" class=\"wpem-event-action-url event-style-color \">\n                <div class=\"wpem-event-banner\">\n                    <div class=\"wpem-event-banner-img\" style=\"background-image: url(https:\/\/bncuba.org\/wp-content\/uploads\/2024\/03\/IMG-20240315-WA0007.jpg)\">\n                        <!-- Hide in list View \/\/ Show in Box View -->\n                                                <div class=\"wpem-event-date\">\n                            <div class=\"wpem-event-date-type\">\n                                                                    <div class=\"wpem-from-date\">\n                                        <div class=\"wpem-date\">15<\/div>\n                                        <div class=\"wpem-month\">Mar<\/div>\n                                    <\/div>\n                                                            <\/div>\n                        <\/div>\n                        <!-- Hide in list View \/\/ Show in Box View -->\n                    <\/div>\n                <\/div>\n\n                <div class=\"wpem-event-infomation\">\n                    <div class=\"wpem-event-date\">\n                        <div class=\"wpem-event-date-type\">\n                                                            <div class=\"wpem-from-date\">\n                                    <div class=\"wpem-date\">15<\/div>\n                                    <div class=\"wpem-month\">Mar<\/div>\n                                <\/div>\n                                                    <\/div>\n                    <\/div>\n\n                    <div class=\"wpem-event-details\">\n                                                <div class=\"wpem-event-title\">\n                            <h3 class=\"wpem-heading-text\">Convenci\u00f3n Nacional de Damas (Centro -2024)<\/h3>\n                        <\/div>\n\n                        <div class=\"wpem-event-date-time\">\n                            <span class=\"wpem-event-date-time-text\">\n                                15-03-2024                                 -                             <\/span>\n                        <\/div>\n                        <div class=\"wpem-event-location\">\n                            <span class=\"wpem-event-location-text\">\n                                Camajuan\u00ed                            <\/span>\n                        <\/div>\n                        \n                        <!-- Show in list View \/\/ Hide in Box View -->\n                                                <!-- Show in list View \/\/ Hide in Box View -->\n                                            <\/div>\n                <\/div>\n            <\/a>\n        <\/div>\n    <\/div>\n<\/div><div class=\"wpem-event-box-col wpem-col wpem-col-12 wpem-col-md-6 wpem-col-lg-4\">\n    <!----- wpem-col-lg-4 value can be change by admin settings ------->\n    <div class=\"wpem-event-layout-wrapper\">\n        <div class=\"event_listing event-type-eventos-anteriores post-667 type-event_listing status-publish has-post-thumbnail hentry event_listing_category-convencion_nacional event_listing_type-ev_anteriores\">\n            <a href=\"https:\/\/bncuba.org\/index.php\/event\/convencion-nacional-de-damas\/\" class=\"wpem-event-action-url event-style-color ev_anteriores\">\n                <div class=\"wpem-event-banner\">\n                    <div class=\"wpem-event-banner-img\" style=\"background-image: url(https:\/\/bncuba.org\/wp-content\/uploads\/2024\/03\/Oriente_2.jpeg)\">\n                        <!-- Hide in list View \/\/ Show in Box View -->\n                                                <div class=\"wpem-event-date\">\n                            <div class=\"wpem-event-date-type\">\n                                                                    <div class=\"wpem-from-date\">\n                                        <div class=\"wpem-date\">12<\/div>\n                                        <div class=\"wpem-month\">Mar<\/div>\n                                    <\/div>\n                                                            <\/div>\n                        <\/div>\n                        <!-- Hide in list View \/\/ Show in Box View -->\n                    <\/div>\n                <\/div>\n\n                <div class=\"wpem-event-infomation\">\n                    <div class=\"wpem-event-date\">\n                        <div class=\"wpem-event-date-type\">\n                                                            <div class=\"wpem-from-date\">\n                                    <div class=\"wpem-date\">12<\/div>\n                                    <div class=\"wpem-month\">Mar<\/div>\n                                <\/div>\n                                                    <\/div>\n                    <\/div>\n\n                    <div class=\"wpem-event-details\">\n                                                <div class=\"wpem-event-title\">\n                            <h3 class=\"wpem-heading-text\">Convenci\u00f3n Nacional de Damas (Oriente-2024)<\/h3>\n                        <\/div>\n\n                        <div class=\"wpem-event-date-time\">\n                            <span class=\"wpem-event-date-time-text\">\n                                12-03-2024                                 -                             <\/span>\n                        <\/div>\n                        <div class=\"wpem-event-location\">\n                            <span class=\"wpem-event-location-text\">\n                                Baire                            <\/span>\n                        <\/div>\n                                                    <div class=\"wpem-event-type\"><a href=\"https:\/\/bncuba.org\/index.php\/event_listing_type\/ev_anteriores\/\"><span class=\"wpem-event-type-text event-type ev_anteriores \">Eventos Anteriores<\/span><\/a><\/div>\n                        \n                        <!-- Show in list View \/\/ Hide in Box View -->\n                                                <!-- Show in list View \/\/ Hide in Box View -->\n                                            <\/div>\n                <\/div>\n            <\/a>\n        <\/div>\n    <\/div>\n<\/div><div class=\"wpem-event-box-col wpem-col wpem-col-12 wpem-col-md-6 wpem-col-lg-4\">\n    <!----- wpem-col-lg-4 value can be change by admin settings ------->\n    <div class=\"wpem-event-layout-wrapper\">\n        <div class=\"event_listing event-type-eventos-anteriores post-659 type-event_listing status-publish has-post-thumbnail hentry event_listing_category-convencion_nacional event_listing_type-ev_anteriores\">\n            <a href=\"https:\/\/bncuba.org\/index.php\/event\/convecion-nacional-de-damas-cifuentes-2022-copy\/\" class=\"wpem-event-action-url event-style-color ev_anteriores\">\n                <div class=\"wpem-event-banner\">\n                    <div class=\"wpem-event-banner-img\" style=\"background-image: url(https:\/\/bncuba.org\/wp-content\/uploads\/2024\/03\/julie2.jpeg)\">\n                        <!-- Hide in list View \/\/ Show in Box View -->\n                                                <div class=\"wpem-event-date\">\n                            <div class=\"wpem-event-date-type\">\n                                                                    <div class=\"wpem-from-date\">\n                                        <div class=\"wpem-date\">09<\/div>\n                                        <div class=\"wpem-month\">Mar<\/div>\n                                    <\/div>\n                                                            <\/div>\n                        <\/div>\n                        <!-- Hide in list View \/\/ Show in Box View -->\n                    <\/div>\n                <\/div>\n\n                <div class=\"wpem-event-infomation\">\n                    <div class=\"wpem-event-date\">\n                        <div class=\"wpem-event-date-type\">\n                                                            <div class=\"wpem-from-date\">\n                                    <div class=\"wpem-date\">09<\/div>\n                                    <div class=\"wpem-month\">Mar<\/div>\n                                <\/div>\n                                                            <div class=\"wpem-to-date\">\n                                    <div class=\"wpem-date-separator\">-<\/div>\n                                    <div class=\"wpem-date\">09<\/div>\n                                    <div class=\"wpem-month\">Mar<\/div>\n                                <\/div>\n                                                    <\/div>\n                    <\/div>\n\n                    <div class=\"wpem-event-details\">\n                                                <div class=\"wpem-event-title\">\n                            <h3 class=\"wpem-heading-text\">Conveci\u00f3n Nacional de Damas (Cifuentes-2024)<\/h3>\n                        <\/div>\n\n                        <div class=\"wpem-event-date-time\">\n                            <span class=\"wpem-event-date-time-text\">\n                                09-03-2024                                 @ 08:00 AM - 09-03-2024 @ 08:00 PM                            <\/span>\n                        <\/div>\n                        <div class=\"wpem-event-location\">\n                            <span class=\"wpem-event-location-text\">\n                                JWVR+6CP, Cifuentes                            <\/span>\n                        <\/div>\n                                                    <div class=\"wpem-event-type\"><a href=\"https:\/\/bncuba.org\/index.php\/event_listing_type\/ev_anteriores\/\"><span class=\"wpem-event-type-text event-type ev_anteriores \">Eventos Anteriores<\/span><\/a><\/div>\n                        \n                        <!-- Show in list View \/\/ Hide in Box View -->\n                                                <!-- Show in list View \/\/ Hide in Box View -->\n                                            <\/div>\n                <\/div>\n            <\/a>\n        <\/div>\n    <\/div>\n<\/div><\/div>\n\n<nav class=\"event-manager-pagination\">\n\t<ul class=\"page-numbers\">\n\t\t\t\t\t\t\t<li><span data-page=\"1\" class=\"page-numbers current\">1<\/span><\/li>\n\t\t\t\t\t\t\t\t\t<li><a href=\"#\" data-page=\"2\" class=\"page-numbers\">2<\/a><\/li>\n\t\t\t\t\t\t\t\t\t<li><a href=\"#\" data-page=\"3\" class=\"page-numbers\">3<\/a><\/li>\n\t\t\t\t\t\t\t<li><a href=\"#\" data-page=\"2\" class=\"page-numbers\">&rarr;<\/a><\/li>\n\t\t\t<\/ul>\n<\/nav>\t\t\t<\/div>\n<\/div>\t\t\t\t<\/div>\n\t\t\t\t<\/div>\n\t\t\t\t\t<\/div>\n\t\t<\/div>\n\t\t\t\t\t<\/div>\n\t\t<\/section>\n\t\t\t\t<section class=\"elementor-section elementor-top-section elementor-element elementor-element-a49418c elementor-section-boxed elementor-section-height-default elementor-section-height-default\" data-id=\"a49418c\" data-element_type=\"section\" data-e-type=\"section\">\n\t\t\t\t\t\t<div class=\"elementor-container elementor-column-gap-default\">\n\t\t\t\t\t<div class=\"elementor-column elementor-col-33 elementor-top-column elementor-element elementor-element-bee00d0\" data-id=\"bee00d0\" data-element_type=\"column\" data-e-type=\"column\">\n\t\t\t<div class=\"elementor-widget-wrap elementor-element-populated\">\n\t\t\t\t\t\t<div class=\"elementor-element elementor-element-f18533a elementor-position-top elementor-invisible elementor-widget elementor-widget-image-box\" data-id=\"f18533a\" data-element_type=\"widget\" data-e-type=\"widget\" data-settings=\"{&quot;_animation&quot;:&quot;fadeInLeft&quot;}\" data-widget_type=\"image-box.default\">\n\t\t\t\t<div class=\"elementor-widget-container\">\n\t\t\t\t\t<div class=\"elementor-image-box-wrapper\"><figure class=\"elementor-image-box-img\"><a href=\"https:\/\/bncuba.org\/index.php\/declaracion-de-fe\/\" tabindex=\"-1\"><img decoding=\"async\" src=\"https:\/\/encrypted-tbn0.gstatic.com\/images?q=tbn:ANd9GcQQa-Hnbz4-lAKqVFy4GQiy8Ae2EyC-giM4Es8Y5q0SAkggaeckZ7ao-V7QWnc2TOyD0hc&#038;usqp=CAU\" title=\"\" alt=\"declaracion de fe\" class=\"elementor-animation-pulse\" loading=\"lazy\" \/><\/a><\/figure><div class=\"elementor-image-box-content\"><h3 class=\"elementor-image-box-title\"><a href=\"https:\/\/bncuba.org\/index.php\/declaracion-de-fe\/\">Constituci\u00f3n y Declaraci\u00f3n de Fe<\/a><\/h3><\/div><\/div>\t\t\t\t<\/div>\n\t\t\t\t<\/div>\n\t\t\t\t\t<\/div>\n\t\t<\/div>\n\t\t\t\t<div class=\"elementor-column elementor-col-33 elementor-top-column elementor-element elementor-element-c3e5663\" data-id=\"c3e5663\" data-element_type=\"column\" data-e-type=\"column\">\n\t\t\t<div class=\"elementor-widget-wrap elementor-element-populated\">\n\t\t\t\t\t\t<div class=\"elementor-element elementor-element-456055f elementor-position-top elementor-invisible elementor-widget elementor-widget-image-box\" data-id=\"456055f\" data-element_type=\"widget\" data-e-type=\"widget\" data-settings=\"{&quot;_animation&quot;:&quot;fadeInUp&quot;}\" data-widget_type=\"image-box.default\">\n\t\t\t\t<div class=\"elementor-widget-container\">\n\t\t\t\t\t<div class=\"elementor-image-box-wrapper\"><figure class=\"elementor-image-box-img\"><a href=\"https:\/\/bncuba.org\/index.php\/directivos-nacionales-y-reglamento\/\" tabindex=\"-1\"><img decoding=\"async\" src=\"https:\/\/www1.cbn.com\/sites\/default\/files\/media\/slider\/images\/cubacross_hdv_0.jpg\" title=\"\" alt=\"declaracion de fe\" class=\"elementor-animation-pulse\" loading=\"lazy\" \/><\/a><\/figure><div class=\"elementor-image-box-content\"><h3 class=\"elementor-image-box-title\"><a href=\"https:\/\/bncuba.org\/index.php\/directivos-nacionales-y-reglamento\/\">Directivos Nacionales, Prebisteriales y Ministeriales<\/a><\/h3><\/div><\/div>\t\t\t\t<\/div>\n\t\t\t\t<\/div>\n\t\t\t\t\t<\/div>\n\t\t<\/div>\n\t\t\t\t<div class=\"elementor-column elementor-col-33 elementor-top-column elementor-element elementor-element-8860558\" data-id=\"8860558\" data-element_type=\"column\" data-e-type=\"column\">\n\t\t\t<div class=\"elementor-widget-wrap elementor-element-populated\">\n\t\t\t\t\t\t<div class=\"elementor-element elementor-element-1f92ca0 elementor-position-top elementor-invisible elementor-widget elementor-widget-image-box\" data-id=\"1f92ca0\" data-element_type=\"widget\" data-e-type=\"widget\" data-settings=\"{&quot;_animation&quot;:&quot;fadeInRight&quot;}\" data-widget_type=\"image-box.default\">\n\t\t\t\t<div class=\"elementor-widget-container\">\n\t\t\t\t\t<div class=\"elementor-image-box-wrapper\"><figure class=\"elementor-image-box-img\"><a href=\"https:\/\/bncuba.org:8000\/map\" tabindex=\"-1\"><img fetchpriority=\"high\" decoding=\"async\" width=\"400\" height=\"240\" src=\"http:\/\/bncuba.org\/wp-content\/uploads\/2023\/11\/Planeta-hambriento.png\" class=\"elementor-animation-pulse attachment-full size-full wp-image-560\" alt=\"\" \/><\/a><\/figure><div class=\"elementor-image-box-content\"><h3 class=\"elementor-image-box-title\"><a href=\"https:\/\/bncuba.org:8000\/map\">Iglesias y Misiones<\/a><\/h3><\/div><\/div>\t\t\t\t<\/div>\n\t\t\t\t<\/div>\n\t\t\t\t\t<\/div>\n\t\t<\/div>\n\t\t\t\t\t<\/div>\n\t\t<\/section>\n\t\t\t\t<\/div>\n\t\t","protected":false},"excerpt":{"rendered":"<p>Iglesia Pentecostal Buenas Nuevas Cuba Events 15 Mar 15 Mar Convenci\u00f3n Nacional de Damas (Centro -2024) 15-03-2024 &#8211; Camajuan\u00ed 12 Mar 12 Mar Convenci\u00f3n Nacional de Damas (Oriente-2024) 12-03-2024 &#8211; Baire Eventos Anteriores 09 Mar 09 Mar &#8211; 09 Mar Conveci\u00f3n Nacional de Damas (Cifuentes-2024) 09-03-2024 @ 08:00 AM &#8211; 09-03-2024 @ 08:00 PM JWVR+6CP,&hellip;&nbsp;<a href=\"https:\/\/bncuba.org\/index.php\/event\/convecion-nacional-de-damas-cifuentes-2022-copy\/\" class=\"\" rel=\"bookmark\">Leer m\u00e1s &raquo;<span class=\"screen-reader-text\">Conveci\u00f3n Nacional de Damas (Cifuentes-2024)<\/span><\/a><\/p>\n","protected":false},"author":1,"featured_media":0,"parent":0,"menu_order":0,"comment_status":"closed","ping_status":"closed","template":"page-templates\/template-pagebuilder-full-width.php","meta":{"neve_meta_sidebar":"","neve_meta_container":"","neve_meta_enable_content_width":"","neve_meta_content_width":0,"neve_meta_title_alignment":"","neve_meta_author_avatar":"","neve_post_elements_order":"","neve_meta_disable_header":"","neve_meta_disable_footer":"","neve_meta_disable_title":"","footnotes":""},"class_list":["post-16","page","type-page","status-publish","hentry"],"_links":{"self":[{"href":"https:\/\/bncuba.org\/index.php\/wp-json\/wp\/v2\/pages\/16","targetHints":{"allow":["GET"]}}],"collection":[{"href":"https:\/\/bncuba.org\/index.php\/wp-json\/wp\/v2\/pages"}],"about":[{"href":"https:\/\/bncuba.org\/index.php\/wp-json\/wp\/v2\/types\/page"}],"author":[{"embeddable":true,"href":"https:\/\/bncuba.org\/index.php\/wp-json\/wp\/v2\/users\/1"}],"replies":[{"embeddable":true,"href":"https:\/\/bncuba.org\/index.php\/wp-json\/wp\/v2\/comments?post=16"}],"version-history":[{"count":120,"href":"https:\/\/bncuba.org\/index.php\/wp-json\/wp\/v2\/pages\/16\/revisions"}],"predecessor-version":[{"id":719,"href":"https:\/\/bncuba.org\/index.php\/wp-json\/wp\/v2\/pages\/16\/revisions\/719"}],"wp:attachment":[{"href":"https:\/\/bncuba.org\/index.php\/wp-json\/wp\/v2\/media?parent=16"}],"curies":[{"name":"wp","href":"https:\/\/api.w.org\/{rel}","templated":true}]}}